{"id":46,"date":"2012-03-26T17:33:34","date_gmt":"2012-03-26T17:33:34","guid":{"rendered":"http:\/\/www.mandolin-tempo-bordeaux.fr\/?page_id=46"},"modified":"2020-03-31T14:48:27","modified_gmt":"2020-03-31T14:48:27","slug":"semaine-de-la-mandoline","status":"publish","type":"page","link":"http:\/\/www.mandolin-tempo-bordeaux.fr\/?page_id=46","title":{"rendered":"Manifestations"},"content":{"rendered":"<div id=\"cont\">\n<div id=\"centre\">\n<div id=\"centredroite\">\n<p><a name=\"haut2\"><\/a>L&rsquo;association Mandol\u2019in tempo organise des manifestations, des rencontres et des \u00e9changes avec d&rsquo;autres ensembles.. Ces moments nous permettent de nous produire sur d&rsquo;autres territoires&#8230; parfois hors de nos fronti\u00e8res et proposer des animations ou des concerts originaux sur&nbsp; le cubzaguais.<\/p>\n<p>Et ces moments sont aussi l&rsquo;occasion de&nbsp; d\u00e9couvertes et de rencontres inter-culturelles.<\/p>\n<p>Comme par exemple&#8230;<\/p>\n<ul class=\"lcp_catlist\" id=\"lcp_instance_0\"><li><a href=\"http:\/\/www.mandolin-tempo-bordeaux.fr\/?p=990\">CONCERT SAMEDI 25 AVRIL 2026<\/a><div class=\"lcp_excerpt\">CHAMP DE FOIRE \u00e0 St Andr\u00e9 de Cubzac\nMandol&rsquo;In Tempo et Alice Montalescot, nouvelle professeure de mandoline \u00e0 l&rsquo;\u00e9cole de musique, et soliste.\n\n<\/div><\/li><li><a href=\"http:\/\/www.mandolin-tempo-bordeaux.fr\/?p=983\">Sous le soleil Grec, entre la joie dansante et la m\u00e9lancolie m\u00e9diterran\u00e9enne<\/a><div class=\"lcp_excerpt\">\n<\/div><\/li><li><a href=\"http:\/\/www.mandolin-tempo-bordeaux.fr\/?p=979\">Concert \u00e0 Cazats<\/a><div class=\"lcp_excerpt\">De Florence \u00e0 Paris, d&rsquo;Ath\u00e8nes \u00e0 Mexico, \n&nbsp;un voyage musical magique aux quatre coins du globe&nbsp;\nEt puis des chants du monde, avec la chorale d&rsquo;Auros\n&nbsp;\n\n&nbsp;\n&nbsp;\n&nbsp;\n&nbsp;\n<\/div><\/li><li><a href=\"http:\/\/www.mandolin-tempo-bordeaux.fr\/?p=967\">Prochain concert sur St Andr\u00e9 de Cubzac&#8230; 17 mai 2025<\/a><div class=\"lcp_excerpt\">\n<\/div><\/li><li><a href=\"http:\/\/www.mandolin-tempo-bordeaux.fr\/?p=960\">Concert \u00e0 Gradignan (33) le dimanche 30 mars 2025<\/a><div class=\"lcp_excerpt\">Participez \u00e0 la journ\u00e9e conviviale \n\u00e0 l&rsquo;occasion de la f\u00eate nationale grecque, \u00e0 Gradignan&nbsp;\nle dimanche 30 mars 2025\nMusique, chants et danses, avec la participation de Mandol&rsquo;In Tempo !\n\n&nbsp;\n&nbsp;\n<\/div><\/li><li><a href=\"http:\/\/www.mandolin-tempo-bordeaux.fr\/?p=937\">Concert du 06 avril 2024<\/a><div class=\"lcp_excerpt\">Mandol&rsquo;In Tempo invite l&rsquo;Orchestre \u00e0 Plectres des C\u00f4teaux de Gironde \u00e0 se produire en concert \u00e0 St Andr\u00e9 de Cubzac.&nbsp;\n\n&nbsp;\n&nbsp;\n&nbsp;\n&nbsp;\n&nbsp;\n&nbsp;\n&nbsp;\n&nbsp;\n&nbsp;\n&nbsp;\n&nbsp;\n&nbsp;\n&nbsp;\n&nbsp;\n&nbsp;\n&nbsp;\n&nbsp;\n&nbsp;\n\n&nbsp;\nLE CLAN DES SICILIENS &#8211; Ennio Morricone\nMARIANELLA &#8211; S\u00e9r\u00e9nade V\u00e9nitienne (Fox-Trot), Marcel Anella\n&nbsp;\n&nbsp;\n<\/div><\/li><li><a href=\"http:\/\/www.mandolin-tempo-bordeaux.fr\/?p=923\">Concert du 1er avril 23<\/a><div class=\"lcp_excerpt\">\nLa vall\u00e9e maudite &#8211; Ouverture dramatique de Fran\u00e7ois Menichetti\nArrangement Jean-Luc Rocchietti\n<\/div><\/li><li><a href=\"http:\/\/www.mandolin-tempo-bordeaux.fr\/?p=927\">Mandol&rsquo;In Tempo avec l&rsquo;Estudiantina d&rsquo;Anglet et Guitare en Bordelais<\/a><div class=\"lcp_excerpt\">Direction Jean-Luc Rocchietti\n\n&nbsp;\n\n\n&nbsp;\n&nbsp;\n&nbsp;\n&nbsp;\n<\/div><\/li><li><a href=\"http:\/\/www.mandolin-tempo-bordeaux.fr\/?p=909\">Concert 1er avril 2023 &#8211; Champ de Foire \u00e0 St Andr\u00e9 de Cubzac<\/a><div class=\"lcp_excerpt\">Avec l&rsquo;Estudiantina d&rsquo;Anglet et Guitare en bordelais,&nbsp;\n\n&nbsp;\n<\/div><\/li><li><a href=\"http:\/\/www.mandolin-tempo-bordeaux.fr\/?p=890\">A \u00e9couter<\/a><div class=\"lcp_excerpt\">D&rsquo;autres morceaux sont \u00e0 \u00e9couter sur notre page facebook &nbsp;https:\/\/www.facebook.com\/mandolintempo\/\n\n\nAvec la chorale La Voli\u00e8re \nJacinto Chiclana\n\nMes ton teke\n\nLamma Bada\n\nShalom Aleichem\n\n<\/div><\/li><\/ul>\n<p>Mais \u00e9galement :<\/p>\n<p><strong><em><span style=\"text-decoration: underline; color: #f3350b;\">De 2007 \u00e0 2010 Semaine au mois de mai d\u00e9di\u00e9e \u00e0 la mandoline.<\/span><\/em><\/strong><\/p>\n<p>De nombreuses manifestations ont \u00e9t\u00e9 organis\u00e9es \u00e0 cette occasion: ateliers, concerts, expositions, stages&#8230;<\/p>\n<p>Avec un orchestre de mandolines et guitares invit\u00e9. Nous avons ainsi accueilli les ensemble de&nbsp; St Girons en Ari\u00e8ge, Albi, Anglet.<\/p>\n<p style=\"text-align: center;\">&#8211; Intervention dans les \u00e9coles primaires. Une \u00e9quipe de b\u00e9n\u00e9voles de l&rsquo;association, pr\u00e9sente les&nbsp;mandolines (napolitaine, bluegrass, \u00e9lectrique), la mandole&nbsp;et le mandoloncelle, et permet aux enfants, \u00e0 cette occasion d\u2019essayer tous les instruments.<\/p>\n<div><a href=\"http:\/\/www.mandolin-tempo-bordeaux.fr\/wp-content\/uploads\/2012\/03\/semainemandoline-animationpetit.jpg\"><img loading=\"lazy\" decoding=\"async\" class=\"alignnone size-full wp-image-39\" title=\"semainemandoline-animationpetit\" src=\"http:\/\/www.mandolin-tempo-bordeaux.fr\/wp-content\/uploads\/2012\/03\/semainemandoline-animationpetit.jpg\" alt=\"\" width=\"500\" height=\"375\" srcset=\"http:\/\/www.mandolin-tempo-bordeaux.fr\/wp-content\/uploads\/2012\/03\/semainemandoline-animationpetit.jpg 500w, http:\/\/www.mandolin-tempo-bordeaux.fr\/wp-content\/uploads\/2012\/03\/semainemandoline-animationpetit-300x225.jpg 300w, http:\/\/www.mandolin-tempo-bordeaux.fr\/wp-content\/uploads\/2012\/03\/semainemandoline-animationpetit-400x300.jpg 400w\" sizes=\"auto, (max-width: 500px) 100vw, 500px\" \/><\/a><\/div>\n<p style=\"text-align: center;\">&#8211; Des concerts&nbsp; qui laissent la place \u00e0 des professionnels se produisant dans diff\u00e9rentes formations.<\/p>\n<p style=\"text-align: center;\">&#8211; Week-end d&rsquo;animations musicales parfois associ\u00e9e \u00e0 des expositions de peinture, ou encore un conte musical pr\u00e9sentant la mandoline, un d\u00e9fil\u00e9 de tuna sur le march\u00e9&#8230;<\/p>\n<p><a href=\"http:\/\/www.mandolin-tempo-bordeaux.fr\/wp-content\/uploads\/2012\/03\/SDLM-photo-1bis.resized.jpg\"><img loading=\"lazy\" decoding=\"async\" class=\"alignnone size-full wp-image-31\" title=\"SDLM  photo 1bis.resized\" src=\"http:\/\/www.mandolin-tempo-bordeaux.fr\/wp-content\/uploads\/2012\/03\/SDLM-photo-1bis.resized.jpg\" alt=\"\" width=\"500\" height=\"375\" srcset=\"http:\/\/www.mandolin-tempo-bordeaux.fr\/wp-content\/uploads\/2012\/03\/SDLM-photo-1bis.resized.jpg 500w, http:\/\/www.mandolin-tempo-bordeaux.fr\/wp-content\/uploads\/2012\/03\/SDLM-photo-1bis.resized-300x225.jpg 300w, http:\/\/www.mandolin-tempo-bordeaux.fr\/wp-content\/uploads\/2012\/03\/SDLM-photo-1bis.resized-400x300.jpg 400w\" sizes=\"auto, (max-width: 500px) 100vw, 500px\" \/><\/a><\/p>\n<p style=\"text-align: center;\">&#8211; Des ateliers (choro, bluegrass ou tuna) dirig\u00e9s par un professionnel et ouverts \u00e0 tous.<\/p>\n<p><a href=\"http:\/\/www.mandolin-tempo-bordeaux.fr\/wp-content\/uploads\/2012\/03\/SDLM-n\u00b02.resized.jpg\"><img loading=\"lazy\" decoding=\"async\" class=\"alignnone size-full wp-image-37\" title=\"SDLM n\u00b02.resized\" src=\"http:\/\/www.mandolin-tempo-bordeaux.fr\/wp-content\/uploads\/2012\/03\/SDLM-n\u00b02.resized.jpg\" alt=\"\" width=\"500\" height=\"332\" srcset=\"http:\/\/www.mandolin-tempo-bordeaux.fr\/wp-content\/uploads\/2012\/03\/SDLM-n\u00b02.resized.jpg 500w, http:\/\/www.mandolin-tempo-bordeaux.fr\/wp-content\/uploads\/2012\/03\/SDLM-n\u00b02.resized-300x199.jpg 300w, http:\/\/www.mandolin-tempo-bordeaux.fr\/wp-content\/uploads\/2012\/03\/SDLM-n\u00b02.resized-451x300.jpg 451w\" sizes=\"auto, (max-width: 500px) 100vw, 500px\" \/><\/a><\/p>\n<p style=\"text-align: center;\">&#8211; Mais aussi, le dimanche matin des visites de ch\u00e2teaux, domaines ou caves&#8230;r\u00e9gion bordelaise oblige !<\/p>\n<p><a href=\"http:\/\/www.mandolin-tempo-bordeaux.fr\/wp-content\/uploads\/2012\/03\/SDLM-2-biS.resized.jpg\"><img loading=\"lazy\" decoding=\"async\" class=\"alignnone size-full wp-image-33\" title=\"SDLM 2 biS.resized\" src=\"http:\/\/www.mandolin-tempo-bordeaux.fr\/wp-content\/uploads\/2012\/03\/SDLM-2-biS.resized.jpg\" alt=\"\" width=\"500\" height=\"375\" srcset=\"http:\/\/www.mandolin-tempo-bordeaux.fr\/wp-content\/uploads\/2012\/03\/SDLM-2-biS.resized.jpg 500w, http:\/\/www.mandolin-tempo-bordeaux.fr\/wp-content\/uploads\/2012\/03\/SDLM-2-biS.resized-300x225.jpg 300w, http:\/\/www.mandolin-tempo-bordeaux.fr\/wp-content\/uploads\/2012\/03\/SDLM-2-biS.resized-400x300.jpg 400w\" sizes=\"auto, (max-width: 500px) 100vw, 500px\" \/><\/a><\/p>\n<p style=\"text-align: center;\">&#8211; Un grand concert pour cl\u00f4turer la semaine, avec l&rsquo;orchestre Mandol&rsquo;In Tempo et l&rsquo;orchestre invit\u00e9&#8230;<\/p>\n<p><a href=\"http:\/\/www.mandolin-tempo-bordeaux.fr\/wp-content\/uploads\/2012\/03\/SDLM-2-ter.resized.jpg\"><img loading=\"lazy\" decoding=\"async\" class=\"alignnone size-full wp-image-35\" title=\"SDLM 2 ter.resized\" src=\"http:\/\/www.mandolin-tempo-bordeaux.fr\/wp-content\/uploads\/2012\/03\/SDLM-2-ter.resized.jpg\" alt=\"\" width=\"500\" height=\"333\" srcset=\"http:\/\/www.mandolin-tempo-bordeaux.fr\/wp-content\/uploads\/2012\/03\/SDLM-2-ter.resized.jpg 500w, http:\/\/www.mandolin-tempo-bordeaux.fr\/wp-content\/uploads\/2012\/03\/SDLM-2-ter.resized-300x199.jpg 300w, http:\/\/www.mandolin-tempo-bordeaux.fr\/wp-content\/uploads\/2012\/03\/SDLM-2-ter.resized-450x300.jpg 450w\" sizes=\"auto, (max-width: 500px) 100vw, 500px\" \/><\/a><\/p>\n<p><em><strong><span style=\"text-decoration: underline; color: #f3350b;\">&nbsp;2012 &#8211; Concerts&nbsp; en Bulgarie<\/span><\/strong><\/em><\/p>\n<p><span style=\"color: #000000;\">concerts et tourisme \u00e0 Blagoevgrad et ses environs<\/span><\/p>\n<p><span style=\"color: #eb3613;\"><em><strong><span style=\"text-decoration: underline;\">2013 accueil sur St Andr\u00e9 de l&rsquo;ensemble de mandolines et guitares de Blagoevgrad, Bulgarie<\/span><\/strong><\/em><\/span> <a href=\"http:\/\/www.mandolin-tempo-bordeaux.fr\/wp-content\/uploads\/2013\/09\/RMV_2876.jpg\"><img loading=\"lazy\" decoding=\"async\" class=\"aligncenter size-full wp-image-428\" title=\"RMV_2876\" src=\"http:\/\/www.mandolin-tempo-bordeaux.fr\/wp-content\/uploads\/2013\/09\/RMV_2876.jpg\" alt=\"\" width=\"1024\" height=\"678\" srcset=\"http:\/\/www.mandolin-tempo-bordeaux.fr\/wp-content\/uploads\/2013\/09\/RMV_2876.jpg 1024w, http:\/\/www.mandolin-tempo-bordeaux.fr\/wp-content\/uploads\/2013\/09\/RMV_2876-300x198.jpg 300w, http:\/\/www.mandolin-tempo-bordeaux.fr\/wp-content\/uploads\/2013\/09\/RMV_2876-453x300.jpg 453w\" sizes=\"auto, (max-width: 1024px) 100vw, 1024px\" \/><\/a><\/p>\n<p style=\"text-align: justify;\"><span style=\"text-decoration: underline;\"><span style=\"color: #ee3011;\"><em><strong>2014 &#8211; \u00ab\u00a0Tourn\u00e9e portugaise&#8230;\u00a0\u00bb<\/strong><\/em><\/span><\/span><\/p>\n<p style=\"text-align: justify;\">Avec une s\u00e9rie de concerts \u00e0 Salreu (r\u00e9gion centre), Porto et Esmoriz. Et l\u00e0 encore, du tourisme et de superbes rencontres<\/p>\n<p style=\"text-align: justify;\"><span style=\"text-decoration: underline;\"><em><strong><span style=\"color: #f3350b; text-decoration: underline;\">2016 &#8211; R\u00e9ception d&rsquo;une chorale Portugaise et s\u00e9rie de concerts en gironde et dordogne<\/span><\/strong><\/em><\/span><\/p>\n<p style=\"text-align: justify;\"><a href=\"http:\/\/www.mandolin-tempo-bordeaux.fr\/wp-content\/uploads\/2014\/07\/accompagnement-de-la-chorale-de-lACS.jpg\"><img loading=\"lazy\" decoding=\"async\" class=\"aligncenter size-full wp-image-542\" title=\"accompagnement de la chorale de l'ACS\" src=\"http:\/\/www.mandolin-tempo-bordeaux.fr\/wp-content\/uploads\/2014\/07\/accompagnement-de-la-chorale-de-lACS.jpg\" alt=\"\" width=\"640\" height=\"480\" srcset=\"http:\/\/www.mandolin-tempo-bordeaux.fr\/wp-content\/uploads\/2014\/07\/accompagnement-de-la-chorale-de-lACS.jpg 640w, http:\/\/www.mandolin-tempo-bordeaux.fr\/wp-content\/uploads\/2014\/07\/accompagnement-de-la-chorale-de-lACS-300x225.jpg 300w, http:\/\/www.mandolin-tempo-bordeaux.fr\/wp-content\/uploads\/2014\/07\/accompagnement-de-la-chorale-de-lACS-400x300.jpg 400w\" sizes=\"auto, (max-width: 640px) 100vw, 640px\" \/><\/a><\/p>\n<p style=\"text-align: justify;\">\n<\/div>\n<\/div>\n<\/div>\n","protected":false},"excerpt":{"rendered":"<p>L&rsquo;association Mandol\u2019in tempo organise des manifestations, des rencontres et des \u00e9changes avec d&rsquo;autres ensembles.. Ces moments nous permettent de nous produire sur d&rsquo;autres territoires&#8230; parfois hors de nos fronti\u00e8res et proposer des animations ou des concerts originaux sur&nbsp; le cubzaguais. &hellip; <a href=\"http:\/\/www.mandolin-tempo-bordeaux.fr\/?page_id=46\">Continuer la lecture <span class=\"meta-nav\">&rarr;<\/span><\/a><\/p>\n","protected":false},"author":1,"featured_media":0,"parent":0,"menu_order":0,"comment_status":"closed","ping_status":"closed","template":"sidebar-page.php","meta":{"ngg_post_thumbnail":0,"footnotes":""},"class_list":["post-46","page","type-page","status-publish","hentry"],"_links":{"self":[{"href":"http:\/\/www.mandolin-tempo-bordeaux.fr\/index.php?rest_route=\/wp\/v2\/pages\/46","targetHints":{"allow":["GET"]}}],"collection":[{"href":"http:\/\/www.mandolin-tempo-bordeaux.fr\/index.php?rest_route=\/wp\/v2\/pages"}],"about":[{"href":"http:\/\/www.mandolin-tempo-bordeaux.fr\/index.php?rest_route=\/wp\/v2\/types\/page"}],"author":[{"embeddable":true,"href":"http:\/\/www.mandolin-tempo-bordeaux.fr\/index.php?rest_route=\/wp\/v2\/users\/1"}],"replies":[{"embeddable":true,"href":"http:\/\/www.mandolin-tempo-bordeaux.fr\/index.php?rest_route=%2Fwp%2Fv2%2Fcomments&post=46"}],"version-history":[{"count":13,"href":"http:\/\/www.mandolin-tempo-bordeaux.fr\/index.php?rest_route=\/wp\/v2\/pages\/46\/revisions"}],"predecessor-version":[{"id":830,"href":"http:\/\/www.mandolin-tempo-bordeaux.fr\/index.php?rest_route=\/wp\/v2\/pages\/46\/revisions\/830"}],"wp:attachment":[{"href":"http:\/\/www.mandolin-tempo-bordeaux.fr\/index.php?rest_route=%2Fwp%2Fv2%2Fmedia&parent=46"}],"curies":[{"name":"wp","href":"https:\/\/api.w.org\/{rel}","templated":true}]}}